{"id":180,"date":"2023-04-20T10:24:27","date_gmt":"2023-04-20T14:24:27","guid":{"rendered":"https:\/\/www.diezdemedinaphotography.com\/?page_id=180"},"modified":"2023-05-03T15:13:02","modified_gmt":"2023-05-03T19:13:02","slug":"acerca-de","status":"publish","type":"page","link":"https:\/\/www.diezdemedinaphotography.com\/en\/acerca-de\/","title":{"rendered":"about"},"content":{"rendered":"\n[et_pb_section fb_built=\u00bb1&#8243; module_id=\u00bbovSlideshow\u00bb _builder_version=\u00bb4.20.4&#8243; _module_preset=\u00bbdefault\u00bb background_color=\u00bb#0A0A0A\u00bb height=\u00bb100vh\u00bb height_tablet=\u00bb100vh\u00bb height_phone=\u00bb93vh\u00bb height_last_edited=\u00bbon|phone\u00bb global_colors_info=\u00bb{}\u00bb][et_pb_row _builder_version=\u00bb4.20.4&#8243; _module_preset=\u00bbdefault\u00bb positioning=\u00bbabsolute\u00bb position_origin_a=\u00bbcenter_center\u00bb width=\u00bb90%\u00bb max_width=\u00bb100%\u00bb global_colors_info=\u00bb{}\u00bb][et_pb_column type=\u00bb4_4&#8243; _builder_version=\u00bb4.20.4&#8243; _module_preset=\u00bbdefault\u00bb global_colors_info=\u00bb{}\u00bb][et_pb_text _builder_version=\u00bb4.20.4&#8243; _module_preset=\u00bbdefault\u00bb header_font=\u00bb|||on|||||\u00bb header_text_align=\u00bbcenter\u00bb header_text_color=\u00bb#FFFFFF\u00bb header_font_size=\u00bb11vw\u00bb global_colors_info=\u00bb{}\u00bb]<h1>sobre m\u00ed<\/h1>[\/et_pb_text][et_pb_image src=\u00bbhttps:\/\/www.diezdemedinaphotography.com\/wp-content\/uploads\/2023\/04\/fotografia-publicitaria-e1681862418759.png\u00bb alt=\u00bbfotografia publicitaria\u00bb title_text=\u00bbfotografia-publicitaria\u00bb align=\u00bbcenter\u00bb _builder_version=\u00bb4.21.0&#8243; _module_preset=\u00bbdefault\u00bb height=\u00bb110px\u00bb height_tablet=\u00bb110px\u00bb height_phone=\u00bb70px\u00bb height_last_edited=\u00bbon|desktop\u00bb global_colors_info=\u00bb{}\u00bb locked=\u00bboff\u00bb][\/et_pb_image][et_pb_code _builder_version=\u00bb4.21.0&#8243; _module_preset=\u00bbdefault\u00bb locked=\u00bboff\u00bb global_colors_info=\u00bb{}\u00bb]<link rel=\"stylesheet\" href=\"https:\/\/jaysalvat.github.io\/vegas\/releases\/latest\/vegas.min.css\"><!-- [et_pb_line_break_holder] --><script src=\"https:\/\/jaysalvat.github.io\/vegas\/releases\/latest\/vegas.js\"><\/script><!-- [et_pb_line_break_holder] --><!-- [et_pb_line_break_holder] --><script><!-- [et_pb_line_break_holder] -->jQuery(document).ready(function($){<!-- [et_pb_line_break_holder] -->$(\"#ovSlideshow\").vegas({<!-- [et_pb_line_break_holder] -->  overlay: false,<!-- [et_pb_line_break_holder] -->  transition: 'slideLeft2',<!-- [et_pb_line_break_holder] -->  transitionDuration: 4000,<!-- [et_pb_line_break_holder] -->  delay: 10000,<!-- [et_pb_line_break_holder] -->  animation: 'random',<!-- [et_pb_line_break_holder] -->  animationDuration: 20000,<!-- [et_pb_line_break_holder] -->  slides: [<!-- [et_pb_line_break_holder] -->        { src: \"https:\/\/www.diezdemedinaphotography.com\/wp-content\/uploads\/2023\/04\/Marcelo_sobre_mi-scaled.jpg\" },<!-- [et_pb_line_break_holder] -->    ]<!-- [et_pb_line_break_holder] -->});<!-- [et_pb_line_break_holder] -->});<!-- [et_pb_line_break_holder] --><\/script>[\/et_pb_code][\/et_pb_column][\/et_pb_row][\/et_pb_section][et_pb_section fb_built=\u00bb1&#8243; _builder_version=\u00bb4.20.4&#8243; _module_preset=\u00bbdefault\u00bb background_color=\u00bbrgba(10,10,10,0.94)\u00bb global_colors_info=\u00bb{}\u00bb][et_pb_row _builder_version=\u00bb4.20.4&#8243; _module_preset=\u00bbdefault\u00bb global_colors_info=\u00bb{}\u00bb][et_pb_column type=\u00bb4_4&#8243; _builder_version=\u00bb4.20.4&#8243; _module_preset=\u00bbdefault\u00bb global_colors_info=\u00bb{}\u00bb][et_pb_text _builder_version=\u00bb4.20.4&#8243; _module_preset=\u00bbdefault\u00bb text_text_color=\u00bb#FFFFFF\u00bb text_font_size=\u00bb18px\u00bb header_text_color=\u00bb#FFFFFF\u00bb header_2_font=\u00bb|||on|||||\u00bb header_2_text_color=\u00bb#FFFFFF\u00bb header_2_font_size=\u00bb35px\u00bb global_colors_info=\u00bb{}\u00bb]<h2>SOBRE EL AUTOR:<\/h2>\n<p><strong>DIEZ DE MEDINA FOTOGRAFIA<\/strong>, es una empresa especializada en el servicio exclusivo de Fotograf\u00eda Publicitaria Corporativa tengo como objetivo brindar a mis clientes y Empresas la m\u00e1xima satisfacci\u00f3n visual a trav\u00e9s de Fotograf\u00edas que permitan vender sus Productos o servicios de manera exitosa.<\/p>[\/et_pb_text][\/et_pb_column][\/et_pb_row][et_pb_row column_structure=\u00bb1_2,1_2&#8243; _builder_version=\u00bb4.20.4&#8243; _module_preset=\u00bbdefault\u00bb global_colors_info=\u00bb{}\u00bb][et_pb_column type=\u00bb1_2&#8243; _builder_version=\u00bb4.20.4&#8243; _module_preset=\u00bbdefault\u00bb global_colors_info=\u00bb{}\u00bb][et_pb_text _builder_version=\u00bb4.20.4&#8243; _module_preset=\u00bbdefault\u00bb text_text_color=\u00bb#FFFFFF\u00bb text_font_size=\u00bb18px\u00bb custom_padding=\u00bb10px||||false|false\u00bb global_colors_info=\u00bb{}\u00bb]<p>Marcelo Diez de Medina Fot\u00f3grafo Publicitario, comunicador audiovisual, y Dise\u00f1ador Gr\u00e1fico. Especializado en Fotograf\u00eda de alimentos, productos, industria, arquitectura e interiores, modelos, autom\u00f3viles, tragos y bebidas, postres y reposter\u00eda, helados, naturaleza, ni\u00f1os.<\/p>[\/et_pb_text][et_pb_text _builder_version=\u00bb4.20.4&#8243; _module_preset=\u00bbdefault\u00bb text_font=\u00bb||||||||\u00bb text_text_color=\u00bb#FFFFFF\u00bb text_font_size=\u00bb18px\u00bb header_3_text_color=\u00bb#FFFFFF\u00bb header_3_font_size=\u00bb26px\u00bb positioning=\u00bbabsolute\u00bb position_origin_a=\u00bbbottom_center\u00bb vertical_offset=\u00bb-212px\u00bb position_origin_a_tablet=\u00bbbottom_center\u00bb position_origin_a_phone=\u00bbbottom_center\u00bb position_origin_a_last_edited=\u00bbon|desktop\u00bb position_origin_f_tablet=\u00bb\u00bb position_origin_f_phone=\u00bb\u00bb position_origin_f_last_edited=\u00bbon|desktop\u00bb position_origin_r_tablet=\u00bb\u00bb position_origin_r_phone=\u00bb\u00bb position_origin_r_last_edited=\u00bbon|desktop\u00bb width=\u00bb100%\u00bb positioning_tablet=\u00bbnone\u00bb positioning_phone=\u00bbnone\u00bb positioning_last_edited=\u00bbon|tablet\u00bb global_colors_info=\u00bb{}\u00bb]<h3>Estudios realizados:<\/h3>\n<ul>\n<li>Idioma Ingl\u00e9s (University of Pittsburgh) U.S.A.<\/li>\n<li>Comunicaci\u00f3n Audio Visual (UNIACC) Santiago de Chile.<\/li>\n<li>Dise\u00f1o Gr\u00e1fico (UPB) Bolivia.<\/li>\n<li>Especializaciones en Fotograf\u00eda Publicitaria (Buenos Aires Argentina)<\/li>\n<\/ul>[\/et_pb_text][\/et_pb_column][et_pb_column type=\u00bb1_2&#8243; _builder_version=\u00bb4.20.4&#8243; _module_preset=\u00bbdefault\u00bb global_colors_info=\u00bb{}\u00bb][et_pb_image src=\u00bbhttps:\/\/www.diezdemedinaphotography.com\/wp-content\/uploads\/2023\/04\/Marcelo_sobre_mi-scaled.jpg\u00bb alt=\u00bbfotografia publicitaria\u00bb title_text=\u00bbMarcelo_sobre_mi\u00bb align=\u00bbcenter\u00bb _builder_version=\u00bb4.20.4&#8243; _module_preset=\u00bbdefault\u00bb height=\u00bb398px\u00bb global_colors_info=\u00bb{}\u00bb][\/et_pb_image][\/et_pb_column][\/et_pb_row][et_pb_row _builder_version=\u00bb4.20.4&#8243; _module_preset=\u00bbdefault\u00bb global_colors_info=\u00bb{}\u00bb][et_pb_column type=\u00bb4_4&#8243; _builder_version=\u00bb4.20.4&#8243; _module_preset=\u00bbdefault\u00bb global_colors_info=\u00bb{}\u00bb][et_pb_button button_url=\u00bbhttps:\/\/www.diezdemedinaphotography.com\/estudio-y-equipos\/\u00bb button_text=\u00bbver Estudio y Equipos\u00bb button_alignment=\u00bbcenter\u00bb _builder_version=\u00bb4.20.4&#8243; _module_preset=\u00bbdefault\u00bb custom_button=\u00bbon\u00bb button_text_size=\u00bb22px\u00bb button_text_color=\u00bb#FFFFFF\u00bb button_font=\u00bbTeko|700||on|||||\u00bb global_colors_info=\u00bb{}\u00bb][\/et_pb_button][\/et_pb_column][\/et_pb_row][\/et_pb_section]\n","protected":false},"excerpt":{"rendered":"<p>sobre m\u00edSOBRE EL AUTOR: DIEZ DE MEDINA FOTOGRAFIA, es una empresa especializada en el servicio exclusivo de Fotograf\u00eda Publicitaria Corporativa tengo como objetivo brindar a mis clientes y Empresas la m\u00e1xima satisfacci\u00f3n visual a trav\u00e9s de Fotograf\u00edas que permitan vender sus Productos o servicios de manera exitosa.Marcelo Diez de Medina Fot\u00f3grafo Publicitario, comunicador audiovisual, y [&hellip;]<\/p>\n","protected":false},"author":1,"featured_media":0,"parent":0,"menu_order":0,"comment_status":"closed","ping_status":"closed","template":"","meta":{"_et_pb_use_builder":"on","_et_pb_old_content":"<!-- wp:divi\/placeholder \/-->","_et_gb_content_width":"","footnotes":""},"class_list":["post-180","page","type-page","status-publish","hentry"],"_links":{"self":[{"href":"https:\/\/www.diezdemedinaphotography.com\/en\/wp-json\/wp\/v2\/pages\/180","targetHints":{"allow":["GET"]}}],"collection":[{"href":"https:\/\/www.diezdemedinaphotography.com\/en\/wp-json\/wp\/v2\/pages"}],"about":[{"href":"https:\/\/www.diezdemedinaphotography.com\/en\/wp-json\/wp\/v2\/types\/page"}],"author":[{"embeddable":true,"href":"https:\/\/www.diezdemedinaphotography.com\/en\/wp-json\/wp\/v2\/users\/1"}],"replies":[{"embeddable":true,"href":"https:\/\/www.diezdemedinaphotography.com\/en\/wp-json\/wp\/v2\/comments?post=180"}],"version-history":[{"count":4,"href":"https:\/\/www.diezdemedinaphotography.com\/en\/wp-json\/wp\/v2\/pages\/180\/revisions"}],"predecessor-version":[{"id":2743,"href":"https:\/\/www.diezdemedinaphotography.com\/en\/wp-json\/wp\/v2\/pages\/180\/revisions\/2743"}],"wp:attachment":[{"href":"https:\/\/www.diezdemedinaphotography.com\/en\/wp-json\/wp\/v2\/media?parent=180"}],"curies":[{"name":"wp","href":"https:\/\/api.w.org\/{rel}","templated":true}]}}